{"id":41,"date":"2015-08-15T14:21:39","date_gmt":"2015-08-15T14:21:39","guid":{"rendered":"http:\/\/pwv-frankenthal.de\/?page_id=41"},"modified":"2025-03-14T09:20:34","modified_gmt":"2025-03-14T09:20:34","slug":"wir-ueber-uns","status":"publish","type":"page","link":"http:\/\/pwv-frankenthal.de\/?page_id=41","title":{"rendered":"Wir \u00fcber uns"},"content":{"rendered":"<h2 class=\"western\"><b>Die Ortsgruppe stellt sich vor:<\/b><\/h2>\n<p>Die Ortsgruppe Frankenthal e.V. ist Mitglied im Pf\u00e4lzerwald-Verein e.V. mit Sitz in Neustadt \/ Weinstrasse.<\/p>\n<p>Wir wurden im Jahr 1904 gegr\u00fcndet.<\/p>\n<h2 class=\"western\"><b>Zweck und Ziele sind die F\u00f6rderung und Pflege von: <\/b><\/h2>\n<ul>\n<li>Wandern in all seinen Formen<\/li>\n<li>Natur- und Umweltschutz, Landschaftspflege<\/li>\n<li>pf\u00e4lzischer Heimat- und Volkskunde<\/li>\n<li>Jugendarbeit<\/li>\n<\/ul>\n<h2 class=\"western\"><b>Wir verfolgen dieses f\u00fcr Jung und Alt mit folgenden Veranstaltungen: <\/b><\/h2>\n<ul>\n<li>Monatswanderungen: in der Regel jeweils sonntags mit unterschiedlichen Streckenl\u00e4ngen<\/li>\n<li>Mittwochswanderungen: \u00fcberwiegend an Nachmittagen mit k\u00fcrzeren Wegstrecken<\/li>\n<li>Sonderwanderungen: an Samstagen mit langen Wegstrecken f\u00fcr ge\u00fcbte Wanderer<\/li>\n<li>Radtouren: Tagestouren 40 &#8211; 60 km lang<\/li>\n<li>Feierabendtouren mit dem Rad: am sp\u00e4ten Dienstagnachmittag, 20 &#8211; 30 km lang<\/li>\n<li>Jugend und Familientouren: Kinder- und jugendgerechteVeranstaltungen, \u00fcberwiegend mit PKW-Anfahrt<\/li>\n<\/ul>\n<h2 class=\"western\"><b>Natur-, Umweltschutz und Landschaftpflege:<\/b><\/h2>\n<ul>\n<li>Wir pflegen und betreuen eine Steuobstwiese als Patengrundst\u00fcck im &#8222;Kleinen Wald&#8220;<\/li>\n<li>Wir unterhalten auf dem 516m hohen Rahnfels, westlich der Lindemannsruhe, eine offene Schutzh\u00fctte, die &#8222;Frankenthaler H\u00fctte&#8220;.<\/li>\n<\/ul>\n<h2 class=\"western\"><b>Jugendarbeit: <\/b><\/h2>\n<ul>\n<li>In Zusammenarbeit mit der Wanderjugend im PWV werden Tagesveranstaltungen und &nbsp;Wochenend-Ferienfreizeiten durchgef\u00fchrt.<\/li>\n<\/ul>\n\n\n<hr class=\"wp-block-separator has-css-opacity\"\/>\n\n\n\n<figure class=\"wp-block-image size-full\"><a href=\"https:\/\/pwv-frankenthal.de\/wp-content\/uploads\/2024\/08\/120-Jahre-PWV-OG-FT1-Kopie.jpg\"><img loading=\"lazy\" decoding=\"async\" width=\"595\" height=\"842\" src=\"https:\/\/pwv-frankenthal.de\/wp-content\/uploads\/2024\/08\/120-Jahre-PWV-OG-FT1-Kopie.jpg\" alt=\"\" class=\"wp-image-2464\" srcset=\"http:\/\/pwv-frankenthal.de\/wp-content\/uploads\/2024\/08\/120-Jahre-PWV-OG-FT1-Kopie.jpg 595w, http:\/\/pwv-frankenthal.de\/wp-content\/uploads\/2024\/08\/120-Jahre-PWV-OG-FT1-Kopie-212x300.jpg 212w\" sizes=\"auto, (max-width: 595px) 100vw, 595px\" \/><\/a><\/figure>\n\n\n\n<hr class=\"wp-block-separator has-css-opacity\"\/>\n\n\n\n<figure class=\"wp-block-image size-full\"><a href=\"https:\/\/pwv-frankenthal.de\/wp-content\/uploads\/2025\/03\/120-Jahre-PWV-FT-Text-21-Kopie.jpg\"><img loading=\"lazy\" decoding=\"async\" width=\"595\" height=\"842\" src=\"https:\/\/pwv-frankenthal.de\/wp-content\/uploads\/2025\/03\/120-Jahre-PWV-FT-Text-21-Kopie.jpg\" alt=\"\" class=\"wp-image-2865\" srcset=\"http:\/\/pwv-frankenthal.de\/wp-content\/uploads\/2025\/03\/120-Jahre-PWV-FT-Text-21-Kopie.jpg 595w, http:\/\/pwv-frankenthal.de\/wp-content\/uploads\/2025\/03\/120-Jahre-PWV-FT-Text-21-Kopie-212x300.jpg 212w\" sizes=\"auto, (max-width: 595px) 100vw, 595px\" \/><\/a><\/figure>\n\n\n\n<hr class=\"wp-block-separator has-alpha-channel-opacity\"\/>\n\n\n\n<figure class=\"wp-block-image size-full\"><a href=\"https:\/\/pwv-frankenthal.de\/wp-content\/uploads\/2024\/08\/Patengrundstueck-Streuobstwiese-Kopie.jpg\"><img loading=\"lazy\" decoding=\"async\" width=\"595\" height=\"842\" src=\"https:\/\/pwv-frankenthal.de\/wp-content\/uploads\/2024\/08\/Patengrundstueck-Streuobstwiese-Kopie.jpg\" alt=\"\" class=\"wp-image-2418\" srcset=\"http:\/\/pwv-frankenthal.de\/wp-content\/uploads\/2024\/08\/Patengrundstueck-Streuobstwiese-Kopie.jpg 595w, http:\/\/pwv-frankenthal.de\/wp-content\/uploads\/2024\/08\/Patengrundstueck-Streuobstwiese-Kopie-212x300.jpg 212w\" sizes=\"auto, (max-width: 595px) 100vw, 595px\" \/><\/a><\/figure>\n\n\n\n<hr class=\"wp-block-separator has-css-opacity\"\/>\n\n\n\n<figure class=\"wp-block-image size-full\"><a href=\"https:\/\/pwv-frankenthal.de\/wp-content\/uploads\/2024\/08\/UTF-8Lami_20Rahnfelsh_C3_BCtte1-Kopie.jpg\"><img loading=\"lazy\" decoding=\"async\" width=\"595\" height=\"842\" src=\"https:\/\/pwv-frankenthal.de\/wp-content\/uploads\/2024\/08\/UTF-8Lami_20Rahnfelsh_C3_BCtte1-Kopie.jpg\" alt=\"\" class=\"wp-image-2419\" srcset=\"http:\/\/pwv-frankenthal.de\/wp-content\/uploads\/2024\/08\/UTF-8Lami_20Rahnfelsh_C3_BCtte1-Kopie.jpg 595w, http:\/\/pwv-frankenthal.de\/wp-content\/uploads\/2024\/08\/UTF-8Lami_20Rahnfelsh_C3_BCtte1-Kopie-212x300.jpg 212w\" sizes=\"auto, (max-width: 595px) 100vw, 595px\" \/><\/a><\/figure>\n\n\n\n<hr class=\"wp-block-separator has-css-opacity\"\/>\n","protected":false},"excerpt":{"rendered":"<p>Die Ortsgruppe stellt sich vor: Die Ortsgruppe Frankenthal e.V. ist Mitglied im Pf\u00e4lzerwald-Verein e.V. mit Sitz in Neustadt \/ Weinstrasse. Wir wurden im Jahr 1904 gegr\u00fcndet. Zweck und Ziele sind die F\u00f6rderung und Pflege von: Wandern in all seinen Formen Natur- und Umweltschutz, Landschaftspflege pf\u00e4lzischer Heimat- und Volkskunde Jugendarbeit Wir verfolgen dieses f\u00fcr Jung und &hellip; <a href=\"http:\/\/pwv-frankenthal.de\/?page_id=41\" class=\"more-link\"><span class=\"screen-reader-text\">Wir \u00fcber uns<\/span> weiterlesen <span class=\"meta-nav\">&rarr;<\/span><\/a><\/p>\n","protected":false},"author":1,"featured_media":0,"parent":0,"menu_order":0,"comment_status":"open","ping_status":"open","template":"","meta":{"footnotes":""},"class_list":["post-41","page","type-page","status-publish","hentry"],"_links":{"self":[{"href":"http:\/\/pwv-frankenthal.de\/index.php?rest_route=\/wp\/v2\/pages\/41","targetHints":{"allow":["GET"]}}],"collection":[{"href":"http:\/\/pwv-frankenthal.de\/index.php?rest_route=\/wp\/v2\/pages"}],"about":[{"href":"http:\/\/pwv-frankenthal.de\/index.php?rest_route=\/wp\/v2\/types\/page"}],"author":[{"embeddable":true,"href":"http:\/\/pwv-frankenthal.de\/index.php?rest_route=\/wp\/v2\/users\/1"}],"replies":[{"embeddable":true,"href":"http:\/\/pwv-frankenthal.de\/index.php?rest_route=%2Fwp%2Fv2%2Fcomments&post=41"}],"version-history":[{"count":7,"href":"http:\/\/pwv-frankenthal.de\/index.php?rest_route=\/wp\/v2\/pages\/41\/revisions"}],"predecessor-version":[{"id":2866,"href":"http:\/\/pwv-frankenthal.de\/index.php?rest_route=\/wp\/v2\/pages\/41\/revisions\/2866"}],"wp:attachment":[{"href":"http:\/\/pwv-frankenthal.de\/index.php?rest_route=%2Fwp%2Fv2%2Fmedia&parent=41"}],"curies":[{"name":"wp","href":"https:\/\/api.w.org\/{rel}","templated":true}]}}