{"id":31,"date":"2015-08-15T13:59:07","date_gmt":"2015-08-15T13:59:07","guid":{"rendered":"http:\/\/pwv-frankenthal.de\/?page_id=31"},"modified":"2024-02-18T10:02:47","modified_gmt":"2024-02-18T10:02:47","slug":"impressum","status":"publish","type":"page","link":"http:\/\/pwv-frankenthal.de\/?page_id=31","title":{"rendered":"Impressum \/ Datenschutz"},"content":{"rendered":"<p>Angaben gem\u00e4\u00df \u00a7 5 TMG:<\/p>\n<p>Pf\u00e4lzerwald-Verein Ortsgruppe Frankenthal e. V.<br \/>\nNeu\u00f6ttinger Str. 6<br \/>\n67246 Dirmstein<\/p>\n<p>Vertreten durch:<\/p>\n<p>Dieter Gl\u00f6ckner<\/p>\n<p>E-Mail: dieter.gloeckner.1@gmx.de<u><\/u><\/p>\n<p>Telefon: 06238 \/ 98161<\/p>\n<p>E-Mail: webmaster@pwv-frankenthal.de<\/p>\n<p>Registriert beim Amtsgericht Ludwigshafen\/Rhein:<\/p>\n<p>Eintragung im Vereinsregister.<br \/>\nRegistergericht: Ludwigshafen\/Rhein<br \/>\nRegisternummer: VR 708 Frankenthal<\/p>\n<h2 class=\"western\">Umsatzsteuer-ID:<\/h2>\n<p>Umsatzsteuer-Identifikationsnummer gem\u00e4\u00df \u00a727 a Umsatzsteuergesetz:<br \/>\nSteuer-Nr.: 27\/659\/01006 beim Finanzamt Ludwigshafen vom 09.10.2019. Nach \u00a75 Abs.1 Nr.9 KStG von der K\u00f6rperschaftssteuer und nach \u00a73 Nr.6 GewStG von der Gewerbesteuer befreit.<\/p>\n<h2 class=\"western\">Haftungsausschluss:<\/h2>\n<p><b>Haftung f\u00fcr Inhalte<\/b><\/p>\n<p>Die Inhalte unserer Seiten wurden mit gr\u00f6\u00dfter Sorgfalt erstellt. F\u00fcr die Richtigkeit, Vollst\u00e4ndigkeit und Aktualit\u00e4t der Inhalte k\u00f6nnen wir jedoch keine Gew\u00e4hr \u00fcbernehmen. Als Diensteanbieter sind wir gem\u00e4\u00df \u00a7 7 Abs.1 TMG f\u00fcr eigene Inhalte auf diesen Seiten nach den allgemeinen Gesetzen verantwortlich. Nach \u00a7\u00a7 8 bis 10 TMG sind wir als Diensteanbieter jedoch nicht verpflichtet, \u00fcbermittelte oder gespeicherte fremde Informationen zu \u00fcberwachen oder nach Umst\u00e4nden zu forschen, die auf eine rechtswidrige T\u00e4tigkeit hinweisen. Verpflichtungen zur Entfernung oder Sperrung der Nutzung von Informationen nach den allgemeinen Gesetzen bleiben hiervon unber\u00fchrt. Eine diesbez\u00fcgliche Haftung ist jedoch erst ab dem Zeitpunkt der Kenntnis einer konkreten Rechtsverletzung m\u00f6glich. Bei Bekanntwerden von entsprechenden Rechtsverletzungen werden wir diese Inhalte umgehend entfernen.<\/p>\n<p><b>Haftung f\u00fcr Links<\/b><\/p>\n<p>Unser Angebot enth\u00e4lt Links zu externen Webseiten Dritter, auf deren Inhalte wir keinen Einfluss haben. Deshalb k\u00f6nnen wir f\u00fcr diese fremden Inhalte auch keine Gew\u00e4hr \u00fcbernehmen. F\u00fcr die Inhalte der verlinkten Seiten ist stets der jeweilige Anbieter oder Betreiber der Seiten verantwortlich. Die verlinkten Seiten wurden zum Zeitpunkt der Verlinkung auf m\u00f6gliche Rechtsverst\u00f6\u00dfe \u00fcberpr\u00fcft. Rechtswidrige Inhalte waren zum Zeitpunkt der Verlinkung nicht erkennbar. Eine permanente inhaltliche Kontrolle der verlinkten Seiten ist jedoch ohne konkrete Anhaltspunkte einer Rechtsverletzung nicht zumutbar. Bei Bekanntwerden von Rechtsverletzungen werden wir derartige Links umgehend entfernen.<\/p>\n<p><b>Urheberrecht<\/b><\/p>\n<p>Die durch die Seitenbetreiber erstellten Inhalte und Werke auf diesen Seiten unterliegen dem deutschen Urheberrecht. Die Vervielf\u00e4ltigung, Bearbeitung, Verbreitung und jede Art der Verwertung au\u00dferhalb der Grenzen des Urheberrechtes bed\u00fcrfen der schriftlichen Zustimmung des jeweiligen Autors bzw. Erstellers. Downloads und Kopien dieser Seite sind nur f\u00fcr den privaten, nicht kommerziellen Gebrauch gestattet. Soweit die Inhalte auf dieser Seite nicht vom Betreiber erstellt wurden, werden die Urheberrechte Dritter beachtet. Insbesondere werden Inhalte Dritter als solche gekennzeichnet. Sollten Sie trotzdem auf eine Urheberrechtsverletzung aufmerksam werden, bitten wir um einen entsprechenden Hinweis. Bei Bekanntwerden von Rechtsverletzungen werden wir derartige Inhalte umgehend entfernen.<\/p>\n<div id=\"wrapper\">\n<div class=\"wrapper-inner\">\n<div id=\"content\">\n<div class=\"container\">\n<div class=\"row\">\n<div class=\"content-inner\">\n<div id=\"component\" class=\"col-sm-12\">\n<article class=\"page-item page-item__\">\n<div class=\"item_fulltext\">\n<h2 class=\"heading-style-4 visible-first\"><span class=\"item_title_part_1 item_title_part_even item_title_part_first_half\">Datenschutzerkl\u00e4rung<\/span><span class=\"item_title_part_3 item_title_part_even item_title_part_second_half item_title_part_last\"><br \/>\n<\/span><\/h2>\n<p>Verantwortlich im Sinne der Datenschutzgesetze und DS-GVO ist:<br \/>\nPf\u00e4lzerwald-Verein Ortsgruppe Frankenthal e.V.<br \/>\nDieter Gl\u00f6ckner, Neu\u00f6ttinger Str. 6, 67246 Dirmstein<\/p>\n<p>E-Mail: <span style=\"text-decoration: underline;\"><span style=\"color: #ff0000; text-decoration: underline;\">dieter.gloeckner.1@gmx.de<\/span><\/span><\/p>\n<p><strong>Erfassung allgemeiner Informationen<\/strong><\/p>\n<p>Wenn Sie auf unsere Webseite zugreifen, werden automatisch Informationen allgemeiner Natur erfasst. Diese Informationen (Server-Logfiles) beinhalten etwa die Art des Webbrowsers, das verwendete Betriebssystem, den Domainnamen Ihres Internet Service Providers und \u00c4hnliches. Hierbei handelt es sich ausschlie\u00dflich um Informationen, welche keine R\u00fcckschl\u00fcsse auf Ihre Person zulassen. Diese Informationen sind technisch notwendig, um von Ihnen angeforderte Inhalte von Webseiten korrekt auszuliefern und fallen bei Nutzung des Internets zwingend an. Anonyme Informationen dieser Art werden von uns statistisch ausgewertet, um unseren Internetauftritt und die dahinter stehende Technik zu optimieren.<\/p>\n<p><b>Kontaktformular<\/b><\/p>\n<p>Treten Sie per E-Mail oder Kontaktformular mit uns in Kontakt, werden die von Ihnen gemachten Angaben zum Zwecke der Bearbeitung der Anfrage sowie f\u00fcr m\u00f6gliche Anschlussfragen gespeichert.<\/p>\n<p><b>L\u00f6schung bzw. Sperrung der Daten<\/b><\/p>\n<p>Wir halten uns an die Grunds\u00e4tze der Datenvermeidung und Datensparsamkeit. Wir speichern Ihre personenbezogenen Daten daher nur so lange, wie dies zur Erreichung der hier genannten Zwecke erforderlich ist oder wie es die vom Gesetzgeber vorgesehenen vielf\u00e4ltigen Speicherfristen vorsehen. Nach Fortfall des jeweiligen Zweckes bzw. Ablauf dieser Fristen werden die entsprechenden Daten routinem\u00e4\u00dfig und entsprechend den gesetzlichen Vorschriften gesperrt oder gel\u00f6scht.<\/p>\n<p><strong>Cookies<\/strong><\/p>\n<p>Wie viele andere Webseiten verwenden wir auch so genannte \u201eCookies\u201c. Cookies sind kleine Textdateien, die von einem Webseitenserver auf Ihre Festplatte \u00fcbertragen werden. Hierdurch erhalten wir automatisch bestimmte Daten wie z. B. IP-Adresse, verwendeter Browser, Betriebssystem \u00fcber Ihren Computer und Ihre Verbindung zum Internet.<\/p>\n<p>Cookies k\u00f6nnen nicht verwendet werden, um Programme zu starten oder Viren auf einen Computer zu \u00fcbertragen. Anhand der in Cookies enthaltenen Informationen k\u00f6nnen wir Ihnen die Navigation erleichtern und die korrekte Anzeige unserer Webseiten erm\u00f6glichen.<\/p>\n<p>In keinem Fall werden die von uns erfassten Daten an Dritte weitergegeben oder ohne Ihre Einwilligung eine Verkn\u00fcpfung mit personenbezogenen Daten hergestellt.<\/p>\n<p>Nat\u00fcrlich k\u00f6nnen Sie unsere Website grunds\u00e4tzlich auch ohne Cookies betrachten. Internet-Browser sind regelm\u00e4\u00dfig so eingestellt, dass sie Cookies akzeptieren. Sie k\u00f6nnen die Verwendung von Cookies jederzeit \u00fcber die Einstellungen Ihres Browsers deaktivieren. Bitte verwenden Sie die Hilfefunktionen Ihres Internetbrowsers, um zu erfahren, wie Sie diese Einstellungen \u00e4ndern k\u00f6nnen. Bitte beachten Sie, dass einzelne Funktionen unserer Website m\u00f6glicherweise nicht funktionieren, wenn Sie die Verwendung von Cookies deaktiviert haben.<\/p>\n<p><strong>Ihre Rechte auf Auskunft, Berichtigung, Sperre, L\u00f6schung und Widerspruch<\/strong><\/p>\n<p>Sie haben das Recht, jederzeit Auskunft \u00fcber Ihre bei uns gespeicherten personenbezogenen Daten zu erhalten. Ebenso haben Sie das Recht auf Berichtigung, Sperrung oder, abgesehen von der vorgeschriebenen Datenspeicherung zur Gesch\u00e4ftsabwicklung, L\u00f6schung Ihrer personenbezogenen Daten.<\/p>\n<p>Damit eine Sperre von Daten jederzeit ber\u00fccksichtigt werden kann, m\u00fcssen diese Daten zu Kontrollzwecken in einer Sperrdatei vorgehalten werden. Sie k\u00f6nnen auch die L\u00f6schung der Daten verlangen, soweit keine gesetzliche Archivierungsverpflichtung besteht. Soweit eine solche Verpflichtung besteht, sperren wir Ihre Daten auf Wunsch.<\/p>\n<p>Sie k\u00f6nnen \u00c4nderungen oder den Widerruf einer Einwilligung durch entsprechende Mitteilung an uns mit Wirkung f\u00fcr die Zukunft vornehmen.<\/p>\n<p><strong>\u00c4nderung unserer Datenschutzbestimmungen<\/strong><\/p>\n<p>Wir behalten uns vor, diese Datenschutzerkl\u00e4rung gelegentlich anzupassen, damit sie stets den aktuellen rechtlichen Anforderungen entspricht oder um \u00c4nderungen unserer Leistungen in der Datenschutzerkl\u00e4rung umzusetzen, z. B. bei der Einf\u00fchrung neuer Services. F\u00fcr Ihren erneuten Besuch gilt dann die neue Datenschutzerkl\u00e4rung.<\/p>\n<p><strong>Datenschutzerkl\u00e4rung f\u00fcr Neumitglieder<\/strong><\/p>\n<p>Wir m\u00f6chten Sie dar\u00fcber informieren, dass die von Ihnen in Ihrer Beitrittserkl\u00e4rung angegebenen personenbezogenen Daten (Name, Adresse, Geburtstag sowie ggf. Telefonnummer, E-Mail-Adresse und Bankverbindung) auf den EDV-Systemen der jeweiligen PWV-Ortsgruppe des Pf\u00e4lzerwald-Vereins gepeichert und f\u00fcr Verwaltungszwecke des Vereins verarbeitet und genutzt werden. Verantwortliche Stelle ist die gew\u00e4hlte Ortsgruppe.<\/p>\n<p>Mit der Mitgliedschaft in der jeweiligen PWV-Ortsgruppe ist zugleich eine Mitgliedschaft im Dachverband \u201ePf\u00e4lzerwald-Verein e.V.\u201c verbunden.<\/p>\n<p>Wir sichern Ihnen zu, Ihre personenbezogenen Daten vertraulich zu behandeln und nicht an Dritte weiterzugeben. Hiervon sind die Daten von Vorstandsmitgliedern, Fachwarten und Wanderf\u00fchrern ausgenommen, deren Kontaktdaten zur Erf\u00fcllung der satzungsgem\u00e4\u00dfen Aufgaben innerhalb der Verbandsstrukturen an den Pf\u00e4lzerwald-Verein e.V. f\u00fcr die<br \/>\ninterne Kommunikation weitergegeben werden k\u00f6nnen. Die jeweilige PWV-Ortsgruppe<br \/>\nver\u00f6ffentlicht die Kontaktdaten ihrer Vorst\u00e4nde sowie ggf. Wanderf\u00fchrer u.U. auch auf der Internetseite des Vereins.<\/p>\n<p>Sie k\u00f6nnen jederzeit schriftlich Auskunft \u00fcber die bez\u00fcglich Ihrer Person gespeicherten<br \/>\nDaten erhalten und Korrektur verlangen, soweit die bei der jeweiligen PWV-Ortsgruppe gespeicherten Daten nicht richtig sind. Wenn die gespeicherten Daten f\u00fcr die Abwicklung der Verwaltungsprozesse im Pf\u00e4lzerwald-Verein nicht erforderlich sind, k\u00f6nnen Sie auch eine Sperrung, und gegebenenfalls eine L\u00f6schung Ihrer personenbezogenen Daten verlangen.<\/p>\n<p>Der Pf\u00e4lzerwald-Verein e.V. sendet Ihnen viertelj\u00e4hrlich die Mitgliederzeitschrift \u201ePf\u00e4lzerwald\u201c zu. Hierzu wird Ihre Adresse von der jeweiligen PWV-Ortsgruppe an den Pf\u00e4lzerwald-Verein e.V. weitergeleitet und dort verwaltet und ggf. aktualisiert. Sollten Sie die Zustellung nicht w\u00fcnschen, k\u00f6nnen Sie dem Versand beim Pf\u00e4lzerwald-Verein e.V. jederzeit schriftlich widersprechen.<\/p>\n<p>Nach einer Beendigung der Mitgliedschaft werden Ihre personenbezogenen Daten sp\u00e4testens zum Ende des n\u00e4chsten Jahres nach der Beendigung der Mitgliedschaft gel\u00f6scht, soweit sie nicht, entsprechend den steuerrechtlichen oder sonstigen gesetzlichen Vorgaben, aufbewahrt werden m\u00fcssen. Hiervon sind die Daten ehemaliger Funktionstr\u00e4ger und Mitglieder mit Ehrungen der jeweiligen PWV-Ortsgruppe ausgeschlossen, die weiterhin elektronisch archiviert werden.<\/p>\n<p>Eine Nutzung Ihrer personenbezogenen Daten f\u00fcr Werbezwecke findet weder durch die<br \/>\ndie jeweiligen PWV-Ortsgruppe noch den Pf\u00e4lzerwald-Verein e.V. statt.<\/p>\n<p>Mit dem Beitritt zur der jeweiligen PWV-Ortsgruppe wird best\u00e4tigt, dass die Datenschutzhinweise f\u00fcr Neumitglieder zur Kenntnis genommen und akzeptiert wurden.<\/p>\n<p><em><br \/>\nDie Datenschutzerkl\u00e4rung wurde mit dem \u00a0 \u00a0 \u00a0 \u00a0 \u00a0 \u00a0 \u00a0 \u00a0 \u00a0 \u00a0 \u00a0 <a href=\"https:\/\/www.activemind.de\/datenschutz\/datenschutzhinweis-generator\/\">Datenschutzerkl\u00e4rungs-Generator der activeMind AG erstellt<\/a>.<\/em><\/p>\n<\/div>\n<\/article>\n<\/div>\n<\/div>\n<\/div>\n<\/div>\n<\/div>\n<\/div>\n<\/div>\n<p><b>Webmaster:<\/b> Claus Dieter Hardeck<br \/>\n<b>E-mail:<\/b> <a href=\"mailto:webmaster@pwv-frankenthal.de\">webmaster@pwv-frankenthal.de<\/a><\/p>\n<p><b>Design und Umsetzung:<\/b> Anouar Touir<br \/>\n<b>E-mail:<\/b> <a href=\"mailto:email@touir.de\">email@touir.de<\/a><\/p>\n","protected":false},"excerpt":{"rendered":"<p>Angaben gem\u00e4\u00df \u00a7 5 TMG: Pf\u00e4lzerwald-Verein Ortsgruppe Frankenthal e. V. Neu\u00f6ttinger Str. 6 67246 Dirmstein Vertreten durch: Dieter Gl\u00f6ckner E-Mail: dieter.gloeckner.1@gmx.de Telefon: 06238 \/ 98161 E-Mail: webmaster@pwv-frankenthal.de Registriert beim Amtsgericht Ludwigshafen\/Rhein: Eintragung im Vereinsregister. Registergericht: Ludwigshafen\/Rhein Registernummer: VR 708 Frankenthal Umsatzsteuer-ID: Umsatzsteuer-Identifikationsnummer gem\u00e4\u00df \u00a727 a Umsatzsteuergesetz: Steuer-Nr.: 27\/659\/01006 beim Finanzamt Ludwigshafen vom 09.10.2019. Nach \u00a75 &hellip; <a href=\"http:\/\/pwv-frankenthal.de\/?page_id=31\" class=\"more-link\"><span class=\"screen-reader-text\">Impressum \/ Datenschutz<\/span> weiterlesen <span class=\"meta-nav\">&rarr;<\/span><\/a><\/p>\n","protected":false},"author":1,"featured_media":0,"parent":0,"menu_order":0,"comment_status":"open","ping_status":"open","template":"","meta":{"footnotes":""},"class_list":["post-31","page","type-page","status-publish","hentry"],"_links":{"self":[{"href":"http:\/\/pwv-frankenthal.de\/index.php?rest_route=\/wp\/v2\/pages\/31","targetHints":{"allow":["GET"]}}],"collection":[{"href":"http:\/\/pwv-frankenthal.de\/index.php?rest_route=\/wp\/v2\/pages"}],"about":[{"href":"http:\/\/pwv-frankenthal.de\/index.php?rest_route=\/wp\/v2\/types\/page"}],"author":[{"embeddable":true,"href":"http:\/\/pwv-frankenthal.de\/index.php?rest_route=\/wp\/v2\/users\/1"}],"replies":[{"embeddable":true,"href":"http:\/\/pwv-frankenthal.de\/index.php?rest_route=%2Fwp%2Fv2%2Fcomments&post=31"}],"version-history":[{"count":14,"href":"http:\/\/pwv-frankenthal.de\/index.php?rest_route=\/wp\/v2\/pages\/31\/revisions"}],"predecessor-version":[{"id":1882,"href":"http:\/\/pwv-frankenthal.de\/index.php?rest_route=\/wp\/v2\/pages\/31\/revisions\/1882"}],"wp:attachment":[{"href":"http:\/\/pwv-frankenthal.de\/index.php?rest_route=%2Fwp%2Fv2%2Fmedia&parent=31"}],"curies":[{"name":"wp","href":"https:\/\/api.w.org\/{rel}","templated":true}]}}